{"id":27,"date":"2018-08-15T23:16:37","date_gmt":"2018-08-15T23:16:37","guid":{"rendered":"http:\/\/www.ortopedianacional.gratishosting.cl\/?page_id=27"},"modified":"2023-04-10T16:22:09","modified_gmt":"2023-04-10T16:22:09","slug":"preguntas-y-respuestas","status":"publish","type":"page","link":"https:\/\/ortopedianacional.cl\/index.php\/preguntas-y-respuestas\/","title":{"rendered":"Preguntas y Respuestas"},"content":{"rendered":"\t<div  class=\"row container \">\n<div class=\"small-12    large-12  columns   \"  ><div class=\"column-inner\"  >\n<h3 class=\"accordion_title\">Preguntas frecuentes sobre pr\u00f3tesis.<\/h3><div class=\"accordion\" rel=\"0\"><div class=\"accordion-title\"><a href=\"#\">\u00bfQu\u00e9 pasa despu\u00e9s de la amputaci\u00f3n? \u00bfExisten biopr\u00f3tesis disponibles que pueden funcionar como mi extremidad original?<\/a><\/div><div class=\"accordion-inner\"><h4 id=\"u1492-2\">Una pr\u00f3tesis no es bi\u00f3nica, es una sustituci\u00f3n artificial para una extremidad mutilada o parte de una extremidad. Aunque una pr\u00f3tesis nunca ser\u00e1 tan natural como su propia extremidad, puede ayudarle a hacer muchas cosas con eficacia si usted est\u00e1 listo para combinar su energ\u00eda y fuerza de voluntad para aprender c\u00f3mo usarla.<\/h4>\n<h4 id=\"u1492-4\">Hoy en d\u00eda la tecnolog\u00eda permite al paciente recuperar gran parte de sus actividades del d\u00eda a d\u00eda, en la mayor\u00eda de los casos\u00a0 la capacidad y limitaciones las decide el paciente eligiendo que componentes integraran su pr\u00f3tesis.<\/h4>\n<\/div>\n<div class=\"accordion-title\"><a href=\"#\">\u00bfC\u00f3mo es una pr\u00f3tesis? \u00bfC\u00f3mo va a mantenerse en mi cuerpo?<\/a><\/div><div class=\"accordion-inner\"><h4 id=\"u1496-2\">Una extremidad ortop\u00e9dica est\u00e1 dise\u00f1ada con el empleo de una variedad de componentes fijados a un encaje que se ajusta a su mu\u00f1\u00f3n y depende del nivel de su amputaci\u00f3n, habilidades f\u00edsicas, necesidades de funcionamiento, y deseo de apariencia cosm\u00e9tica.<\/h4>\n<h4 id=\"u1496-4\">Hay diferentes opciones de encajes prot\u00e9sicos y cada uno ofrece diferentes ventajas y comodidades al paciente. Se elige su tipo de encaje prot\u00e9sico en base a su nivel de amputaci\u00f3n y a sus necesidades como paciente.<\/h4>\n<\/div>\n<div class=\"accordion-title\"><a href=\"#\">\u00bfC\u00f3mo funciona una pr\u00f3tesis? \u00bfPodr\u00e9 hacer todas las cosas que hac\u00eda antes de perder mi extremidad?<\/a><\/div><div class=\"accordion-inner\"><h4 id=\"u1496-2\">La mayor\u00eda de las personas que pierden una extremidad se sienten normales despu\u00e9s de algunos meses. El nivel de funci\u00f3n depende de las metas del amputado, del buen cuidado ortop\u00e9dico, de una pr\u00f3tesis c\u00f3moda y una actitud de \u201cYo puedo hacerlo\u201d del paciente y de los profesionales.<\/h4>\n<\/div>\n<div class=\"accordion-title\"><a href=\"#\">\u00bfCu\u00e1ndo recibir\u00e9 la pr\u00f3tesis?<\/a><\/div><div class=\"accordion-inner\"><h4 id=\"u1502-2\">Generalmente, los pacientes est\u00e1n aptos para recibir una pr\u00f3tesis ortop\u00e9dica aproximadamente a los 3 meses de su cirug\u00eda, cuando la herida ya ha sanado y la inflamaci\u00f3n del tejido halla disminuido. Al estar su mu\u00f1\u00f3n mas sano usted podr\u00e1 acudir a su t\u00e9cnico prot\u00e9sista para comenzar que le tomen sus medidas y comenzar el proceso de adaptaci\u00f3n.<\/h4>\n<h4 id=\"u1502-4\">Dicho proceso puede ser m\u00e1s r\u00e1pido con los ejercicios y el uso de un reductor del mu\u00f1\u00f3n que ayudar\u00e1 a dar forma al mu\u00f1\u00f3n e incrementar su fuerza.<\/h4>\n<\/div>\n<div class=\"accordion-title\"><a href=\"#\">\u00bfQu\u00e9 necesito hacer para estar listo para una pr\u00f3tesis?<\/a><\/div><div class=\"accordion-inner\"><h4 id=\"u1511-2\">Hay mucho que puede hacer y debe hacer para usar una pr\u00f3tesis y hacerlo bien. Las prioridades m\u00e1s altas son:<\/h4>\n<ul id=\"u1511-11\" class=\"list0 nls-None\">\n<li id=\"u1511-4\">\n<h4>Atender las emociones despu\u00e9s de la p\u00e9rdida de una extremidad y decidir c\u00f3mo va a reconstruir su vida despu\u00e9s de la amputaci\u00f3n.<\/h4>\n<\/li>\n<li id=\"u1511-6\">\n<h4>Hacer ejercicios para fortalecer los m\u00fasculos necesarios para el balance y la ambulaci\u00f3n.<\/h4>\n<\/li>\n<li id=\"u1511-8\">\n<h4>Preparar su mu\u00f1\u00f3n para que tenga una forma buena para la pr\u00f3tesis.<\/h4>\n<\/li>\n<li id=\"u1511-10\">\n<h4>Aprender la posici\u00f3n apropiada del cuerpo y fortalecer los m\u00fasculos para mantener el tono muscular e impedir las contracciones.<\/h4>\n<\/li>\n<\/ul>\n<\/div>\n<div class=\"accordion-title\"><a href=\"#\">\u00bfQu\u00e9 puedo hacer yo?<\/a><\/div><div class=\"accordion-inner\"><h4 id=\"u1496-2\">El seguimiento es tan importante como la prueba inicial. Usted necesitar\u00e1 hacer varias visitas a su t\u00e9cnico prot\u00e9sico para el ajuste de la pr\u00f3tesis y a un terapeuta para el entrenamiento. Ellos pueden ayudarle a disminuir las \u00e1reas de presi\u00f3n, ajustar la alineaci\u00f3n, resolver cualquier problema, y recuperar las habilidades necesarias para adaptarse a la vida despu\u00e9s de la perdida de la extremidad. Hable con su prot\u00e9sico. Comun\u00edquele honestamente sus necesidades. Cuanto m\u00e1s se comunique con su prot\u00e9sico y terapeuta mayor ser\u00e1 el \u00e9xito con su pr\u00f3tesis.<\/h4>\n<\/div>\n<\/div>\n<\/div><\/div>\n<\/div>\n  \n\t<div  class=\"row container \">\n<div class=\"small-12    large-12  columns   \"  ><div class=\"column-inner\"  >\n   <div id=\"banner_558181208\" class=\"ux_banner dark    \"  style=\"height:400px; \" data-height=\"400px\" role=\"banner\">\n                                  <div class=\"banner-bg \"  style=\"background-image:url('https:\/\/ortopedianacional.cl\/wp-content\/uploads\/2018\/10\/Teaser_Kinegen.stream_neu-1024x342.jpeg'); \"><img decoding=\"async\" src=\"https:\/\/ortopedianacional.cl\/wp-content\/uploads\/2018\/10\/Teaser_Kinegen.stream_neu-1024x342.jpeg\"  alt=\"\" style=\"visibility:hidden;\" \/><\/div>\n                             <div class=\"row\" >\n          <div class=\"inner center text-center \"  style=\"width:60%;\">\n            <div class=\"inner-wrap animated fadeIn\" style=\" \">\n              <h2 class=\"uppercase\"><\/h2>\n<p>&nbsp;<\/p>\n            <\/div>\n          <\/div>  \n        <\/div>\n                     <\/div><!-- end .ux_banner -->\n\n<\/div><\/div>\n<\/div>\n  \n\n     \n     <section  class=\"ux-section dark\" style=\"background-color:#033b88!important;padding:0px 0;margin-bottom:0px!important;\">  \n      \n      \n     <div class=\"ux-section-content\">\n\t<div  class=\"row container \">\n<div class=\"small-12    large-3  columns   \"  ><div class=\"column-inner\"  >\n<p><strong>Men\u00fa<\/strong><\/p>\n<ul>\n<li>Quienes Somos<\/li>\n<li>Pacientes<\/li>\n<li>Pr\u00f3tesis<\/li>\n<li>Ortesis<\/li>\n<li>Contacto<\/li>\n<\/ul>\n<\/div><\/div>\n<div class=\"small-12    large-3  columns   \"  ><div class=\"column-inner\"  >\n<p><strong>Pr\u00f3tesis<\/strong><\/p>\n<ul>\n<li>Sistema de anclaje<\/li>\n<li>Articulaci\u00f3n de Cadera<\/li>\n<li>Rodillas Pr\u00f3tesicas<\/li>\n<li>Pies Pr\u00f3tesicos<\/li>\n<li>Transfemorales<\/li>\n<li>Transtibiales<\/li>\n<li>Aqualine<\/li>\n<li>Deportivas<\/li>\n<\/ul>\n<\/div><\/div>\n<div class=\"small-12    large-3  columns   \"  ><div class=\"column-inner\"  >\n<p><strong>\u00d3rtesis<\/strong><\/p>\n<ul>\n<li>Miembro Inferior<\/li>\n<li>Miembro Superior<\/li>\n<li>Columna<\/li>\n<li>Cadera<\/li>\n<li>Craneo<\/li>\n<\/ul>\n<p><img loading=\"lazy\" decoding=\"async\" class=\"alignnone size-medium wp-image-600\" src=\"http:\/\/ortopedianacional.cl\/wp-content\/uploads\/2018\/10\/simbolos-discapacidad-300x65.jpg\" alt=\"\" width=\"300\" height=\"65\" srcset=\"https:\/\/ortopedianacional.cl\/wp-content\/uploads\/2018\/10\/simbolos-discapacidad-300x65.jpg 300w, https:\/\/ortopedianacional.cl\/wp-content\/uploads\/2018\/10\/simbolos-discapacidad.jpg 520w\" sizes=\"(max-width: 300px) 100vw, 300px\" \/><\/p>\n<\/div><\/div>\n<div class=\"small-12    large-3  columns   \"  ><div class=\"column-inner\"  >\n<p><strong>Contacto<\/strong><\/p>\n<ul>\n<li>Telefono\u00a0+569 9619 7481<\/li>\n<li>Direcci\u00f3n Diagonal Paraguay 110- Torre 18 Local 2<\/li>\n<li>Horario de Atenci\u00f3n<\/li>\n<li>Lunes a Viernes de 9.30 hrs a 17.00 hrs<\/li>\n<\/ul>\n<\/div><\/div>\n<\/div>\n  \n<\/div>\n      \n        <\/section><!-- .ux-section -->\n\n  \n","protected":false},"excerpt":{"rendered":"","protected":false},"author":1,"featured_media":0,"parent":0,"menu_order":0,"comment_status":"closed","ping_status":"closed","template":"page-blank.php","meta":{"footnotes":""},"class_list":["post-27","page","type-page","status-publish","hentry"],"_links":{"self":[{"href":"https:\/\/ortopedianacional.cl\/index.php\/wp-json\/wp\/v2\/pages\/27"}],"collection":[{"href":"https:\/\/ortopedianacional.cl\/index.php\/wp-json\/wp\/v2\/pages"}],"about":[{"href":"https:\/\/ortopedianacional.cl\/index.php\/wp-json\/wp\/v2\/types\/page"}],"author":[{"embeddable":true,"href":"https:\/\/ortopedianacional.cl\/index.php\/wp-json\/wp\/v2\/users\/1"}],"replies":[{"embeddable":true,"href":"https:\/\/ortopedianacional.cl\/index.php\/wp-json\/wp\/v2\/comments?post=27"}],"version-history":[{"count":2,"href":"https:\/\/ortopedianacional.cl\/index.php\/wp-json\/wp\/v2\/pages\/27\/revisions"}],"predecessor-version":[{"id":796,"href":"https:\/\/ortopedianacional.cl\/index.php\/wp-json\/wp\/v2\/pages\/27\/revisions\/796"}],"wp:attachment":[{"href":"https:\/\/ortopedianacional.cl\/index.php\/wp-json\/wp\/v2\/media?parent=27"}],"curies":[{"name":"wp","href":"https:\/\/api.w.org\/{rel}","templated":true}]}}